{"id":978,"date":"2018-05-10T17:04:42","date_gmt":"2018-05-10T15:04:42","guid":{"rendered":"http:\/\/rhoenklub-dipperz.de\/?page_id=978"},"modified":"2023-04-15T19:41:47","modified_gmt":"2023-04-15T17:41:47","slug":"jhv-berichte","status":"publish","type":"page","link":"https:\/\/rhoenklub-dipperz.de\/index.php\/jhv-berichte\/","title":{"rendered":"JHV 2023"},"content":{"rendered":"\n<p><\/p>\n\n\n\n<p><strong>Protokoll der Jahreshauptversammlung am Mittwoch, dem 23. M\u00e4rz 2023 im B\u00fcrgerhaus Dipperz<\/strong><\/p>\n\n\n\n<p><strong>Beginn: 19:00 Uhr&nbsp;&nbsp;&nbsp;&nbsp;&nbsp;&nbsp;&nbsp;Ende: 21.15 Uhr<\/strong><\/p>\n\n\n\n<p><strong><u>Themen:<br><\/u><\/strong><br><strong><u>Top1: Begr\u00fc\u00dfung durch unser Vorstandsmitglied Bernhard Weber<\/u><\/strong><br>W\u00e4hrend der Begr\u00fc\u00dfung dankte er u.a. unserem anwesenden B\u00fcrgermeister Klaus-Dieter Vogler f\u00fcr sein Erscheinen und besonders f\u00fcr die Unterst\u00fctzung der Gemeinde durch die unkomplizierte und kostenlose Bereitstellung des B\u00fcrgerhauses zu Versammlungen und auch der j\u00e4hrlichen finanziellen F\u00f6rderung.&nbsp;&nbsp;Weiter wies er darauf hin, dass die Einladung mit den Tagesordnungspunkten vor 14 Tagen in den Dipperzer Nachrichten mit Tagesordnung rechtzeitig ver\u00f6ffentlich worden war, und dass somit die Versammlung beschlussf\u00e4hig sei &#8211; wobei die Beschlussf\u00e4higkeit unabh\u00e4ngig von der Anzahl der Erschienen ist.<\/p>\n\n\n\n<p><strong><u>Top 2: Totengedenken<\/u><\/strong><br>Im Jahre 2022 starb gl\u00fccklicherweise keines unserer Mitglieder; jedoch verstarben in den letzten beiden Wochen Herr Rudolf Sch\u00e4fer und Herr Helmut Wagner. Die Versammelten erhoben sich in Gedenken an die Verstorbenen.<\/p>\n\n\n\n<p><strong><u>Top 3: Beitrag unseres B\u00fcrgermeisters<\/u><\/strong><br>Herr Vogler zeigte sich dankbar f\u00fcr die aktive Vereinsarbeit des Rh\u00f6nklubs, besonders f\u00fcr das hoffentlich nun wiederum j\u00e4hrliche Schm\u00fccken des Osterbrunnens,<\/p>\n\n\n\n<p>Diskutiert wurde eine Initiative des Landkreises, in der Gemeinde Lieblingsorte zu benennen, die idealerweise ohne Auto, also mit dem \u00d6PNV oder zu Fu\u00df erreichbar sein sollen. F\u00fcr Dipperz wurden genannt: Stellberg, Kneshecke, Dorfkirche, Grotten in Dipperz und Friesenhausen und auch die ber\u00fchmte Eisdiele.<\/p>\n\n\n\n<p>Zu Fragen nach den offensichtlichen Verz\u00f6gerungen der Bauma\u00dfnahmen (neues Gewerbegebiet, Pflegeheim etc.), konnte er keine Einzelheiten nennen, da er in keiner Wiese zust\u00e4ndig und von daher der falsche Ansprechpartner sei. Nach seinem Kenntnis-stand k\u00f6nne er lediglich sagen, was er wisse, n\u00e4mlich dass \u201aalle Gewerke im Zeitplan seien\u2018.<\/p>\n\n\n\n<p><strong><u>Top 4: Bericht des Vorstandsgremiums \/ Bericht des Kultur- und Pressewartes<\/u><\/strong><br>Bernhard Weber w\u00fcrdigte die gute Zusammenarbeit im Vorstandsteam, erinnerte an die sehr gelungene Feier zum 25-j\u00e4hrigen Jubil\u00e4um, erw\u00e4hnte drei Tagungen, an denen er teilnahm, die im letzten Jahr stattgefundene \u00dcberarbeitung der Ehrenordnung des Klubs und nat\u00fcrlich die 17 durchgef\u00fchrten Wanderungen. Besonders freute er sich \u00fcber den sehr gut angenommenen Spielenachmittag mit gem\u00fctlichem Beisammensein, der sicher in diesem Jahr wiederholt werden solle.<\/p>\n\n\n\n<p>Unter anderem besuchte er auch die Hauptkulturtagung in Hilders, auf der die Kulturgeschichte der Gasth\u00e4user und die Bedeutung neuer und historischer Wirtshausschilder vorgestellt worden waren. Weiteres interessantes Kulturthema waren die Burgen und besonders die Kirchenburgen der n\u00e4heren oder weiteren Umgebung.&nbsp;<\/p>\n\n\n\n<p>Ebenso erw\u00e4hnte er seine Pressearbeit (Bl\u00e4ttchen und Fuldaer-Zeitung) und insbesondere die Anekdoten, die er in unregelm\u00e4\u00dfigen Abst\u00e4nden in den Dipperzer Nachrichten ver\u00f6ffentlicht.<\/p>\n\n\n\n<p>Die Mitgliederzahl mit 87 sei zwar nahezu gleich geblieben (es gab zwei Austritte und einen Neueintritt), besorgniserregend sei jedoch die Altersstruktur des Vereins, die sich zunehmend nach \u201aoben\u2018 bewege.<\/p>\n\n\n\n<p><strong><u>Top 4: Berichte der einzelnen Fachwarte<br><\/u><\/strong><br><strong>4.1 Bericht des Naturschutzwartes<\/strong><br>Da leider Hubert St\u00fcss aus Zeitgr\u00fcnden diese Aufgabe nicht mehr wahrnehmen kann, versuchte der Schriftf\u00fchrer zun\u00e4chst kommissarisch \u201aeinzuspringen\u2018. Seine Aufgaben waren zun\u00e4chst die Z\u00e4hlung der Winterv\u00f6gel Anfang des Jahres, deren Ergebnis an den NABU Fulda \u2013 Herrn Storch &#8211; gegeben worden ist. Leider konnte ein weiteres Mal ein Abnehmen der Anzahl der Singv\u00f6gel festgestellt werden. Die am h\u00e4ufigsten anzutreffenden V\u00f6gel sind der Sperling, die Kohlmeise, die Blaumeise und wenige Amseln und Drosseln.<\/p>\n\n\n\n<p>Weitere Aufgaben sind die Beobachtung der 7 Nistk\u00e4sten f\u00fcr die Wasseramsel direkt \u00fcber der Wanne. Die Wasseramsel ist erkennbar an einem wei\u00dfen Fleck auf der Brust, der Erstflug der jungen V\u00f6gel geht direkt ins Wasser, von daher m\u00fcssen die Nistk\u00e4stchen direkt dar\u00fcber gesetzt werden.&nbsp;<\/p>\n\n\n\n<p>Da unser Storchennest im Sommer 2020 erfreulicherweise nach vier Jahren wieder bewohnt war, und auch Junge ausgebr\u00fctet worden sind, hoffen wir nat\u00fcrlich auch dieses Jahr auf neue Jungst\u00f6rche.<\/p>\n\n\n\n<p>Als weitere Aktivit\u00e4ten sollen m\u00f6glicherweise ein Insektenhotel aufgebaut werden und mittels Revierf\u00f6rster eine Waldbegehung organisiert werden. Gerhard w\u00fcrde dabei tatkr\u00e4ftig mitwirken.&nbsp;<\/p>\n\n\n\n<p>Der Vorstand war &#8211; mit einer Ausnahme &#8211; mit der kommissarischen Besetzung der Aufgabe nicht einverstanden; so kam es zu Neuwahlen, und der Schriftf\u00fchrer wurde f\u00fcr die n\u00e4chsten zwei Jahre mit 28-Ja-Stimmen und einer Enthaltung gew\u00e4hlt.<\/p>\n\n\n\n<p><br><strong>4.2 Bericht des&nbsp;&nbsp;Wanderwartes Berthold M\u00fcller:<\/strong><\/p>\n\n\n\n<p>In 2022 wurden 10 Seniorenwanderungen mit insgesamt 145 Teilnehmern und einer Gesamtstrecke von 689 km durchgef\u00fchrt. Es gab 4 kulturelle Wanderungen zum Fr\u00fcchteteppich, zur Heidelsteinfeier, Begehung des Bonifatiusweges und an Weihnachten zur Kneshecke.&nbsp;&nbsp;<\/p>\n\n\n\n<p>Auch wurden vier \u201aStandardwanderungen\u2018 mit 23 Teilnehmern und 130 km erwandert, die Nordic-Walking-Gruppe traf sich 14 mal und legte mit 23 Teilnehmern 1580 km zur\u00fcck.<\/p>\n\n\n\n<p>Zu erw\u00e4hnen seien noch die Vorbereitungen und der Auf- und Abbau des Osterbrunnens.<\/p>\n\n\n\n<p>Flei\u00dfige Wanderer und Punktesammler, die auch geehrt wurden, waren Winfried und Friedel Barthelmes und Gertrud Wingenfeld.<\/p>\n\n\n\n<p><strong>4.3 Bericht der Wegewarte Ehepaar K\u00fcchler &#8211; vorgetragen von Martina:<\/strong><br>Leider mussten bei den turnusm\u00e4\u00dfigen Kontrollen einige Wegezeichen erneuert oder neu positioniert werden. Bei zwei Nachkontrollen mussten sie wiederum feststellen, dass zahlreiche Wegezeichen \u00fcber eine Strecke von ca. 8 km entweder entfernt oder die Richtungspfeile so ver\u00e4ndert wurden, dass sie ins Nirwana f\u00fchrten. Wir alle hoffen, dass sich dieser Vandalismus im neuen Jahr nicht fortsetzt.&nbsp;<\/p>\n\n\n\n<p><strong>4.4 Berichte der Familienwartin Martina Reinhard sowie der Jugendwartin Corinna Reinhard:<br>&nbsp;&nbsp;&nbsp;<\/strong><\/p>\n\n\n\n<p>Es konnte wieder ein Spielenachmittag stattfinden und nach zweij\u00e4hriger Pause am 1. April der Osterbrunnen als Dipperzer Wahrzeichen in den Osterwochen mit sehr vielen&nbsp;&nbsp;Helfern gewickelt bzw. geschm\u00fcckt werden. Dazu haben viele, aber ma\u00dfgeblich Hubert St\u00fcss beigetragen, der wie immer seine Garage zur Verf\u00fcgung stellt und den Aufbau mit viel Elan und Kreativit\u00e4t mitgestaltet.<\/p>\n\n\n\n<p>Corinna erinnerte an das morgen stattfindende Osterbrunnenwickel, Treffen um 16:00 Uhr in Huberts Garage. Viele H\u00e4nde, schnelles Ende !<\/p>\n\n\n\n<p>Die Erwanderung des Fliegerweges , die f\u00fcr den vergangenen August vorgesehen war, musste leider aus zeitlichen Gr\u00fcnden abgesagt werden. Aber sie wird in diesem Jahr sicherlich angeboten werden, der Termin wird rechtzeitig bekanntgegeben.&nbsp;<\/p>\n\n\n\n<p>Auch wurde von zwei Videokonferenzen berichtet, die im letzten Jahr zum Thema Jugend und Familie stattfanden. Dabei wurde von der Rh\u00f6nklubjugend ein sehr sch\u00f6nes Veranstaltungsprogramm erarbeitet.<\/p>\n\n\n\n<p><strong>4.5 Bericht der Kassenwartin Andrea Trapp:<br><\/strong><\/p>\n\n\n\n<figure class=\"wp-block-table\"><table><tbody><tr><td><strong>Jahr<\/strong><\/td><td><strong>Anfangssaldo (\u20ac)<\/strong><\/td><td><strong>Einnahmen (\u20ac)<\/strong><\/td><td><strong>Ausgaben (\u20ac)<\/strong><\/td><td><strong>Endsaldo \u20ac)<\/strong><\/td><\/tr><tr><td>2019<\/td><td>11.169,07<\/td><td>4.209,79<\/td><td>6.191,78<\/td><td><strong>9.178,08<\/strong><\/td><\/tr><tr><td>2020<\/td><td>&nbsp;&nbsp;9.178,08<\/td><td>3.694,86<\/td><td>4.095,89<\/td><td><strong>8.777,05<\/strong><\/td><\/tr><tr><td>2021<\/td><td>&nbsp;&nbsp;8.777,05<\/td><td>3.345,10<\/td><td>2.544,74<\/td><td><strong>9.577,41<\/strong><\/td><\/tr><tr><td>2022<\/td><td>&nbsp;&nbsp;9.577,41<\/td><td>5.021,23<\/td><td>4.932,12<\/td><td><strong>9.666,52<\/strong><\/td><\/tr><\/tbody><\/table><\/figure>\n\n\n\n<p><strong>Top 5: Entlastung der Kassenwartin:<br><\/strong>Friedel Barthelmes und Rita M\u00fcller pr\u00fcften die Kasse und die Buchf\u00fchrung. Sie zeigten sich sehr beeindruckt von dem sehr ordnungsgem\u00e4\u00dfen und einwandfreien Zustand !&nbsp;<\/p>\n\n\n\n<p><strong><u>Top 6: Entlastung des Vorstandes:<\/u><\/strong><br>Bernhard stellt den Antrag auf Entlastung des gesamten Vorstandes. Dieser erfolgt einstimmig bei der gemeinsamen Enthaltung des achtk\u00f6pfigen Gesamtvorstandes.&nbsp;<br><br><\/p>\n\n\n\n<p><strong><u>Top 7: Ehrungen:<\/u><\/strong><br>Geehrt f\u00fcr flei\u00dfige Wanderkilometer wurden Winfried und Friedel Barthelmes und Gertrud Wingenfeld, die jeweils einen Gutschein bekamen.<\/p>\n\n\n\n<p><br><strong><u>Top 8: Antr\u00e4ge, Anfragen und Anregungen:<\/u><\/strong><br>a) Diskutiert wurde , warum die \u00f6ffentlichen Ladestationen f\u00fcr E-Bikes in der Gemeinde, aber auch au\u00dferhalb, manchmal gesperrt sind. Herr Vogler wird sich dieses Themas annehmen und R\u00fccksprache mit der Rh\u00f6n-Energie nehmen.&nbsp;<\/p>\n\n\n\n<p>b) Termin\u00fcberschneidungen von Veranstaltungen mit Aktivit\u00e4ten des Vereins sollten wenn m\u00f6glich vermieden werden. So kam es beispielsweise, dass die Jahresabschluss-wanderung wegen des stattfindenden Konzerts abgesagt wurde.<\/p>\n\n\n\n<p>c) Es wurde darauf hingewiesen, dass die vorgesehene Wanderung \u201aauf den Spuren des Johannes Sebastian Kneipp am 23. April und die Fronleichnamswanderung am 8.6.&nbsp;&nbsp;ausf\u00e4llt.<\/p>\n\n\n\n<p>d) Die Frage an die Anwesenden, ob Interesse an einer eint\u00e4gigen Busfahrt bestehe, wurde sehr bejaht.&nbsp;<\/p>\n\n\n\n<p>c) Friedel Barthelmes w\u00fcnschte Wiederholungen der sehr interessanten Sternen-wanderung zu organisieren, oder auch Abendwanderungen.<\/p>\n\n\n\n<p>d)&nbsp;&nbsp;Das gemeinsame Fr\u00fchst\u00fcck der Walker sollte wieder belebt werden.<\/p>\n\n\n\n<p>e) Heike ermunterte die Anwesenden einer von ihr vorbereiteten Whats-App-Gruppe beizutreten, um Informationen besser und leichter austauschen zu k\u00f6nnen.&nbsp;<\/p>\n\n\n\n<p><br>Dipperz, 26. M\u00e4rz 2023&nbsp;<\/p>\n\n\n\n<p><\/p>\n\n\n\n<p><strong>Der Schriftf\u00fchrer&nbsp;&nbsp;&nbsp;&nbsp;&nbsp;&nbsp;&nbsp;&nbsp;&nbsp;&nbsp;&nbsp;&nbsp;&nbsp;&nbsp;&nbsp;&nbsp;&nbsp;&nbsp;&nbsp;&nbsp;&nbsp;&nbsp;&nbsp;&nbsp;&nbsp;&nbsp;&nbsp;&nbsp;&nbsp;&nbsp;&nbsp;&nbsp;&nbsp;&nbsp;&nbsp;&nbsp;&nbsp;&nbsp;&nbsp;&nbsp;&nbsp;&nbsp;&nbsp;&nbsp;&nbsp;&nbsp;F\u00fcr d<\/strong>en Vorstand<\/p>\n","protected":false},"excerpt":{"rendered":"<p>Protokoll der Jahreshauptversammlung am Mittwoch, dem 23. M\u00e4rz 2023 im B\u00fcrgerhaus Dipperz Beginn: 19:00 Uhr&nbsp;&nbsp;&nbsp;&nbsp;&nbsp;&nbsp;&nbsp;Ende: 21.15 Uhr Themen:Top1: Begr\u00fc\u00dfung durch unser Vorstandsmitglied Bernhard WeberW\u00e4hrend der Begr\u00fc\u00dfung dankte er u.a. unserem anwesenden B\u00fcrgermeister Klaus-Dieter Vogler f\u00fcr sein Erscheinen und besonders f\u00fcr die Unterst\u00fctzung der Gemeinde durch die unkomplizierte und kostenlose Bereitstellung des B\u00fcrgerhauses zu Versammlungen und &hellip; <a href=\"https:\/\/rhoenklub-dipperz.de\/index.php\/jhv-berichte\/\" class=\"more-link\"><span class=\"screen-reader-text\">JHV 2023<\/span> weiterlesen <span class=\"meta-nav\">&rarr;<\/span><\/a><\/p>\n","protected":false},"author":2,"featured_media":0,"parent":0,"menu_order":0,"comment_status":"closed","ping_status":"closed","template":"","meta":{"ngg_post_thumbnail":0,"footnotes":""},"class_list":["post-978","page","type-page","status-publish","hentry"],"_links":{"self":[{"href":"https:\/\/rhoenklub-dipperz.de\/index.php\/wp-json\/wp\/v2\/pages\/978","targetHints":{"allow":["GET"]}}],"collection":[{"href":"https:\/\/rhoenklub-dipperz.de\/index.php\/wp-json\/wp\/v2\/pages"}],"about":[{"href":"https:\/\/rhoenklub-dipperz.de\/index.php\/wp-json\/wp\/v2\/types\/page"}],"author":[{"embeddable":true,"href":"https:\/\/rhoenklub-dipperz.de\/index.php\/wp-json\/wp\/v2\/users\/2"}],"replies":[{"embeddable":true,"href":"https:\/\/rhoenklub-dipperz.de\/index.php\/wp-json\/wp\/v2\/comments?post=978"}],"version-history":[{"count":0,"href":"https:\/\/rhoenklub-dipperz.de\/index.php\/wp-json\/wp\/v2\/pages\/978\/revisions"}],"wp:attachment":[{"href":"https:\/\/rhoenklub-dipperz.de\/index.php\/wp-json\/wp\/v2\/media?parent=978"}],"curies":[{"name":"wp","href":"https:\/\/api.w.org\/{rel}","templated":true}]}}